{"id":3075,"date":"2025-02-10T20:31:50","date_gmt":"2025-02-11T02:31:50","guid":{"rendered":"https:\/\/allende637.mx\/?page_id=3075"},"modified":"2025-02-10T20:31:59","modified_gmt":"2025-02-11T02:31:59","slug":"carolina-bremauntz-canto","status":"publish","type":"page","link":"https:\/\/allende637.mx\/?page_id=3075","title":{"rendered":"Carolina Bremauntz | CANTO"},"content":{"rendered":"\n<p>Originaria de la ciudad de Morelia, Michoac\u00e1n. Inicia desde temprana edad sus estudios en canto con diversos profesores de la ciudad. Continu\u00f3 con sus estudios musicales en el Centro de Educaci\u00f3n Art\u00edstica Miguel Bernal Jim\u00e9nez para despu\u00e9s graduarse con honores de la Licenciatura en M\u00fasica con especialidad en Canto de la FPBA de la UMSNH.<br>Ganadora del Concurso de Canto Popular de la Feria Estatal 2008, ha participado como soprano solista en diversas orquestas como la OFIM, OCUM y OSIDEM en obras como Gloria de A. Vivaldi, Novena Sinfon\u00eda de L. v. Beethoven y en \u00f3peras como La Traviata del compositor G. Verdi y las Bodas de F\u00edgaro de W. A. Mozart.<br>Actualmente es integrante del Taller de \u00f3pera Ignacio Mier Arriaga y del ensamble de c\u00e1mara Lied.<\/p>\n\n\n\n<figure class=\"wp-block-image size-large\"><img loading=\"lazy\" decoding=\"async\" width=\"731\" height=\"1024\" src=\"https:\/\/allende637.mx\/wp-content\/uploads\/2025\/02\/CarolinaBremauntz-731x1024.jpg\" alt=\"\" class=\"wp-image-3076\" srcset=\"https:\/\/allende637.mx\/wp-content\/uploads\/2025\/02\/CarolinaBremauntz-731x1024.jpg 731w, https:\/\/allende637.mx\/wp-content\/uploads\/2025\/02\/CarolinaBremauntz-214x300.jpg 214w, https:\/\/allende637.mx\/wp-content\/uploads\/2025\/02\/CarolinaBremauntz-768x1076.jpg 768w, https:\/\/allende637.mx\/wp-content\/uploads\/2025\/02\/CarolinaBremauntz-1097x1536.jpg 1097w, https:\/\/allende637.mx\/wp-content\/uploads\/2025\/02\/CarolinaBremauntz-1462x2048.jpg 1462w, https:\/\/allende637.mx\/wp-content\/uploads\/2025\/02\/CarolinaBremauntz-1140x1596.jpg 1140w, https:\/\/allende637.mx\/wp-content\/uploads\/2025\/02\/CarolinaBremauntz-scaled.jpg 1828w\" sizes=\"auto, (max-width: 731px) 100vw, 731px\" \/><\/figure>\n","protected":false},"excerpt":{"rendered":"<p>Originaria de la ciudad de Morelia, Michoac\u00e1n. Inicia desde temprana edad sus estudios en canto con diversos profesores de la ciudad. Continu\u00f3 con sus estudios musicales en el Centro de Educaci\u00f3n Art\u00edstica Miguel Bernal Jim\u00e9nez para despu\u00e9s graduarse con honores de la Licenciatura en M\u00fasica con especialidad en Canto de la FPBA de la UMSNH.Ganadora del Concurso de Canto Popular de la Feria Estatal 2008, ha participado como soprano solista en diversas orquestas como la OFIM, OCUM y OSIDEM en obras como Gloria de A. Vivaldi, Novena Sinfon\u00eda de L. v. Beethoven y en \u00f3peras como La Traviata del compositor G. Verdi y las Bodas de F\u00edgaro de W. A. Mozart.Actualmente es integrante del Taller de \u00f3pera Ignacio Mier Arriaga y del ensamble de c\u00e1mara Lied.<\/p>\n","protected":false},"author":1,"featured_media":0,"parent":0,"menu_order":0,"comment_status":"closed","ping_status":"closed","template":"","meta":{"_acf_changed":false,"footnotes":""},"class_list":["post-3075","page","type-page","status-publish","hentry"],"acf":[],"_links":{"self":[{"href":"https:\/\/allende637.mx\/index.php?rest_route=\/wp\/v2\/pages\/3075","targetHints":{"allow":["GET"]}}],"collection":[{"href":"https:\/\/allende637.mx\/index.php?rest_route=\/wp\/v2\/pages"}],"about":[{"href":"https:\/\/allende637.mx\/index.php?rest_route=\/wp\/v2\/types\/page"}],"author":[{"embeddable":true,"href":"https:\/\/allende637.mx\/index.php?rest_route=\/wp\/v2\/users\/1"}],"replies":[{"embeddable":true,"href":"https:\/\/allende637.mx\/index.php?rest_route=%2Fwp%2Fv2%2Fcomments&post=3075"}],"version-history":[{"count":2,"href":"https:\/\/allende637.mx\/index.php?rest_route=\/wp\/v2\/pages\/3075\/revisions"}],"predecessor-version":[{"id":3078,"href":"https:\/\/allende637.mx\/index.php?rest_route=\/wp\/v2\/pages\/3075\/revisions\/3078"}],"wp:attachment":[{"href":"https:\/\/allende637.mx\/index.php?rest_route=%2Fwp%2Fv2%2Fmedia&parent=3075"}],"curies":[{"name":"wp","href":"https:\/\/api.w.org\/{rel}","templated":true}]}}