{"id":460,"date":"2022-01-11T20:47:03","date_gmt":"2022-01-12T02:47:03","guid":{"rendered":"http:\/\/allende637.mx\/?page_id=460"},"modified":"2022-01-11T20:50:10","modified_gmt":"2022-01-12T02:50:10","slug":"segunda-temporada","status":"publish","type":"page","link":"https:\/\/allende637.mx\/?page_id=460","title":{"rendered":"Segunda Temporada"},"content":{"rendered":"\n<h3 class=\"wp-block-heading\">SEGUNDA TEMPORADA<\/h3>\n\n\n\n<h3 class=\"wp-block-heading\"><strong>SEPTIEMBRE<\/strong><strong><\/strong><\/h3>\n\n\n\n<h4 class=\"wp-block-heading\"><strong>Miercoles 16<br>PROGRAMA 1<\/strong><\/h4>\n\n\n\n<p><strong>GALA POR EL CCX ANIV. DE LA INDEPENDENCIA DE M\u00c9XICO EN COLABORACI\u00d3N CON EL H. AYUNTAMIENTO DE MORELIA<\/strong><br>Sinfon\u00eda para cuerdas No. 1 en Sol menor, JV10 \u2014 J. V\u00e1zquez (1993)<br>\u00abArteaga\u00bb<\/p>\n\n\n\n<h4 class=\"wp-block-heading\"><strong>Jueves 17<br>CHARLAS MORELIANAS<\/strong><\/h4>\n\n\n\n<p>La independencia de M\u00e9xico y su m\u00fasica<\/p>\n\n\n\n<p><em>Mercedes de Le\u00f3n, music\u00f3loga<\/em><\/p>\n\n\n\n<p><em>Ricardo Espejel, historiador<\/em><\/p>\n\n\n\n<p><em>Juan \u00c1ngel Morelos, fil\u00f3sofo y compositor<\/em><\/p>\n\n\n\n<p><em>Juan V\u00e1zquez, director titular de la OCT<\/em><\/p>\n\n\n\n<h4 class=\"wp-block-heading\"><strong>Jueves 24<br>PROGRAMA 2<\/strong><\/h4>\n\n\n\n<p>Marcha en Fa mayor, HWV 346 \u2014 &nbsp;G. F. Haendel (1685-1759)<br>Concierto para la\u00fad en Do mayor \u2014 &nbsp;S. L. Weiss (1687-1750)<br>Versi\u00f3n para guitarra de Gianluca Daglio<\/p>\n\n\n\n<p><em>Gianluca Daglio, guitarra*<\/em><\/p>\n\n\n\n<h3 class=\"wp-block-heading\"><strong>OCTUBRE<\/strong><\/h3>\n\n\n\n<h4 class=\"wp-block-heading\"><strong>Viernes 2<br>PROGRAMA 3<\/strong><\/h4>\n\n\n\n<p>Cuarteto de cuerdas \u201c15\/09\/08\u201d \u2014 &nbsp;P. D\u00edaz Maga\u00f1a (1996)<br>En memoria de las v\u00edctimas del 15\/09\/08 en Morelia<br>Adaptaci\u00f3n para orquesta de cuerdas<br>Sinfon\u00eda No. 29 en La mayor, K. 201 \u2014 W. A. Mozart (1756-1791)<\/p>\n\n\n\n<h4 class=\"wp-block-heading\"><strong>Viernes 09<br>PROGRAMA 4<\/strong><\/h4>\n\n\n\n<p>Concierto para flauta No. 7 en Mi menor&nbsp;&nbsp; \u2014 &nbsp;F. Devienne (1759-1803)<\/p>\n\n\n\n<p><em>Gabriel Nieves, flauta*<\/em><\/p>\n\n\n\n<h4 class=\"wp-block-heading\"><strong>Viernes 16<br>PROGRAMA 5<\/strong><\/h4>\n\n\n\n<p>Crisantemi&nbsp;&nbsp; G. Puccini (1858-1924)<br>Divertimento No. 11 en Re mayor, K. 251 \u2014 &nbsp;W. A. Mozart<\/p>\n\n\n\n<h4 class=\"wp-block-heading\"><strong>Viernes 23<br>PROGRAMA 6<\/strong><\/h4>\n\n\n\n<p>Concierto \u201cMestizo\u201d para contrabajo y orquesta \u2014 O. Mart\u00ednez Sandoval (1989)<\/p>\n\n\n\n<p><em>Arnoldo Valladares, contrabajo*<\/em><\/p>\n\n\n\n<h4 class=\"wp-block-heading\"><strong>Viernes 30<br>PROGRAMA 7<\/strong><\/h4>\n\n\n\n<p>Pavana Concertante, JV13<br>Fantas\u00eda para cuarteto de alientos en Re bemol mayor \u2014 J. V\u00e1zquez (1993)<br>\u201c\u00c9rase una vez una forma sonata\u201d, JV30 \u2014 J. V\u00e1zquez (1993)<\/p>\n\n\n\n<p><em>Dedicada al Ensamble Danaus<\/em><\/p>\n\n\n\n<h3 class=\"wp-block-heading\"><strong>NOVIEMBRE<\/strong><\/h3>\n\n\n\n<h4 class=\"wp-block-heading\"><strong>Viernes 06<br>PROGRAMA 8<\/strong><\/h4>\n\n\n\n<p>Dueto para viola y cello \u00abLas gafas\u00bb, WoO 32&nbsp; \u2014 L. van Beethoven (1770-1827)<\/p>\n\n\n\n<p><em>Andr\u00e9s Carballar, viola<\/em><\/p>\n\n\n\n<p><em>Andr\u00e9s L\u00f3pez, cello<\/em><\/p>\n\n\n\n<h4 class=\"wp-block-heading\"><strong>Viernes 13<br>PROGRAMA 9<\/strong><\/h4>\n\n\n\n<p><strong>EN EL MARCO DEL 32o FESTIVAL DE M\u00daSICA DE MORELIA \u00abMIGUEL BERNAL JIM\u00c9NEZ\u00bb<\/strong><br>Concerto per molti strumenti en Fa mayor, RV 569&nbsp; \u2014 &nbsp;A. Vivaldi (1678-174)<\/p>\n\n\n\n<p><em>C\u00e9sar Reyes, viol\u00edn<\/em><\/p>\n\n\n\n<p><em>Monserrat Garc\u00eda | Salvador Montoya, oboes<\/em><\/p>\n\n\n\n<p><em>Everardo Gast\u00e9lum, fagot<\/em><\/p>\n\n\n\n<p><em>Jenny C\u00e1rdenas | Karol Faccio, cornos<\/em><\/p>\n\n\n\n<p><em>Miriam P\u00e9rez Fleitas, continuo<\/em><\/p>\n\n\n\n<p>Poema coreogr\u00e1fico \u201cLa Oaxaque\u00f1a\u201d, JV15 \u2014 J. V\u00e1zquez (1993)<br>Concierto para piano No. 3 en Do menor, Op. 37 \u2014 L. van Beethoven<\/p>\n\n\n\n<p><em>Ana Paula Rojo Muro, piano<\/em><\/p>\n\n\n\n<h4 class=\"wp-block-heading\"><strong>Viernes 20<br>CHARLAS MORELIANAS<\/strong><\/h4>\n\n\n\n<p>Ludwig van Beethoven. El genio y el hombre<\/p>\n\n\n\n<p><em>Mercedes de Le\u00f3n, music\u00f3loga<\/em><\/p>\n\n\n\n<p><em>Edgar Calder\u00f3n, music\u00f3logo<\/em><\/p>\n\n\n\n<p><em>Eduardo Montes, pianista<\/em><\/p>\n\n\n\n<h4 class=\"wp-block-heading\"><strong>Viernes 27<br>PROGRAMA 10<\/strong><\/h4>\n\n\n\n<p>Concierto para piano No. 1 en Do mayor, Op. 15 \u2014 L. van Beethoven (1770-1827)<\/p>\n\n\n\n<p><em>Erick Ruiz, piano*<\/em><\/p>\n\n\n\n<h3 class=\"wp-block-heading\"><strong>DICIEMBRE<\/strong><\/h3>\n\n\n\n<h4 class=\"wp-block-heading\"><strong>Viernes 04<br>PROGRAMA 11<\/strong><\/h4>\n\n\n\n<p>Concierto para piano No. 20 en Re menor, K. 466 \u2014 W. A. Mozart (1756-1791)<\/p>\n\n\n\n<p><em>Sahed Su\u00e1stegui, piano*<\/em><\/p>\n\n\n\n<h4 class=\"wp-block-heading\"><strong>Viernes 14<br>PROGRAMA 12<\/strong><\/h4>\n\n\n\n<p>Concerto per molti strumenti en Fa mayor, RV 569&nbsp; \u2014 &nbsp;A. Vivaldi (1678-1741)<\/p>\n\n\n\n<p><em>C\u00e9sar Reyes, viol\u00edn<\/em><\/p>\n\n\n\n<p><em>Monserrat Garc\u00eda | Salvador Montoya, oboes<\/em><\/p>\n\n\n\n<p><em>Everardo Gast\u00e9lum, fagot<\/em><\/p>\n\n\n\n<p><em>Jenny C\u00e1rdenas | Karol Faccio, cornos<\/em><\/p>\n\n\n\n<p><em>Miriam P\u00e9rez Fleitas, continuo<\/em><\/p>\n\n\n\n<p>Concierto para piano No. 3 en Do menor, Op. 37&nbsp; \u2014 L. van Beethoven (1770-1827)<\/p>\n\n\n\n<p><em>Ana Paula Rojo Muro, piano<\/em><\/p>\n\n\n\n<h4 class=\"wp-block-heading\"><strong>Viernes 18<br>PROGRAMA 13<\/strong><\/h4>\n\n\n\n<p>Concierto para piano No. 4 en Sol mayor, Op. 58&nbsp; \u2014 L. van Beethoven (1770-1827)<\/p>\n\n\n\n<p><em>Luis Esteban Cruzaley, piano<\/em><\/p>\n\n\n\n<h4 class=\"wp-block-heading\"><strong>Martes 29<br>PROGRAMA 14<\/strong><\/h4>\n\n\n\n<p><strong>GALA DE A\u00d1O NUEVO<\/strong><br>Obertura Coriolano, Op. 62 | L. van Beethoven<br>Concierto para clarinete en La mayor, K. 622&nbsp; \u2014 &nbsp;W. A. Mozart (1756-1791)<\/p>\n\n\n\n<p><em>Yahir Morales, clarinete<\/em><\/p>\n\n\n\n<p>Sinfon\u00eda No. 8 en Fa mayor, Op. 93 \u2014 L. van Beethoven<\/p>\n","protected":false},"excerpt":{"rendered":"<p>SEGUNDA TEMPORADA SEPTIEMBRE Miercoles 16PROGRAMA 1 GALA POR EL CCX ANIV. DE LA INDEPENDENCIA DE M\u00c9XICO EN COLABORACI\u00d3N CON EL H. AYUNTAMIENTO DE MORELIASinfon\u00eda para cuerdas No. 1 en Sol menor, JV10 \u2014 J. V\u00e1zquez (1993)\u00abArteaga\u00bb Jueves 17CHARLAS MORELIANAS La independencia de M\u00e9xico y su m\u00fasica Mercedes de Le\u00f3n, music\u00f3loga Ricardo Espejel, historiador Juan \u00c1ngel Morelos, fil\u00f3sofo y compositor Juan V\u00e1zquez, director titular de la OCT Jueves 24PROGRAMA 2 Marcha en Fa mayor, HWV 346 \u2014 &nbsp;G. F. Haendel (1685-1759)Concierto para la\u00fad en Do mayor \u2014 &nbsp;S. L. Weiss (1687-1750)Versi\u00f3n para guitarra de Gianluca Daglio Gianluca Daglio, guitarra* OCTUBRE Viernes 2PROGRAMA 3 Cuarteto de cuerdas \u201c15\/09\/08\u201d \u2014 &nbsp;P. D\u00edaz Maga\u00f1a (1996)En memoria de las v\u00edctimas del 15\/09\/08 en MoreliaAdaptaci\u00f3n para orquesta de cuerdasSinfon\u00eda No. 29 en La mayor, K. 201 \u2014 W. A. Mozart (1756-1791) Viernes 09PROGRAMA 4 Concierto para flauta No. 7 en Mi menor&nbsp;&nbsp; \u2014 &nbsp;F. Devienne (1759-1803) Gabriel Nieves, flauta* Viernes 16PROGRAMA 5 Crisantemi&nbsp;&nbsp; G. Puccini (1858-1924)Divertimento No. 11 en Re mayor, K. 251 \u2014 &nbsp;W. A. Mozart Viernes 23PROGRAMA 6 Concierto \u201cMestizo\u201d para contrabajo y orquesta \u2014 O. Mart\u00ednez Sandoval (1989) Arnoldo Valladares, contrabajo* Viernes 30PROGRAMA 7 Pavana Concertante, JV13Fantas\u00eda para cuarteto de alientos en Re bemol mayor \u2014 J. V\u00e1zquez (1993)\u201c\u00c9rase una vez una forma sonata\u201d, JV30 \u2014 J. V\u00e1zquez (1993) Dedicada al Ensamble Danaus NOVIEMBRE Viernes 06PROGRAMA 8 Dueto para viola y cello \u00abLas gafas\u00bb, WoO 32&nbsp; \u2014 L. van Beethoven (1770-1827) Andr\u00e9s Carballar, viola Andr\u00e9s L\u00f3pez, cello Viernes 13PROGRAMA 9 EN EL MARCO DEL 32o FESTIVAL DE M\u00daSICA DE MORELIA \u00abMIGUEL BERNAL JIM\u00c9NEZ\u00bbConcerto per molti strumenti en Fa mayor, RV 569&nbsp; \u2014 &nbsp;A. Vivaldi (1678-174) C\u00e9sar Reyes, viol\u00edn Monserrat Garc\u00eda | Salvador Montoya, oboes Everardo Gast\u00e9lum, fagot Jenny C\u00e1rdenas | Karol Faccio, cornos Miriam P\u00e9rez Fleitas, continuo Poema coreogr\u00e1fico \u201cLa Oaxaque\u00f1a\u201d, JV15 \u2014 J. V\u00e1zquez (1993)Concierto para piano No. 3 en Do menor, Op. 37 \u2014 L. van Beethoven Ana Paula Rojo Muro, piano Viernes 20CHARLAS MORELIANAS Ludwig van Beethoven. El genio y el hombre Mercedes de Le\u00f3n, music\u00f3loga Edgar Calder\u00f3n, music\u00f3logo Eduardo Montes, pianista Viernes 27PROGRAMA 10 Concierto para piano No. 1 en Do mayor, Op. 15 \u2014 L. van Beethoven (1770-1827) Erick Ruiz, piano* DICIEMBRE Viernes 04PROGRAMA 11 Concierto para piano No. 20 en Re menor, K. 466 \u2014 W. A. Mozart (1756-1791) Sahed Su\u00e1stegui, piano* Viernes 14PROGRAMA 12 Concerto per molti strumenti en Fa mayor, RV 569&nbsp; \u2014 &nbsp;A. Vivaldi (1678-1741) C\u00e9sar Reyes, viol\u00edn Monserrat Garc\u00eda | Salvador Montoya, oboes Everardo Gast\u00e9lum, fagot Jenny C\u00e1rdenas | Karol Faccio, cornos Miriam P\u00e9rez Fleitas, continuo Concierto para piano No. 3 en Do menor, Op. 37&nbsp; \u2014 L. van Beethoven (1770-1827) Ana Paula Rojo Muro, piano Viernes 18PROGRAMA 13 Concierto para piano No. 4 en Sol mayor, Op. 58&nbsp; \u2014 L. van Beethoven (1770-1827) Luis Esteban Cruzaley, piano Martes 29PROGRAMA 14 GALA DE A\u00d1O NUEVOObertura Coriolano, Op. 62 | L. van BeethovenConcierto para clarinete en La mayor, K. 622&nbsp; \u2014 &nbsp;W. A. Mozart (1756-1791) Yahir Morales, clarinete Sinfon\u00eda No. 8 en Fa mayor, Op. 93 \u2014 L. van Beethoven<\/p>\n","protected":false},"author":1,"featured_media":0,"parent":369,"menu_order":0,"comment_status":"closed","ping_status":"closed","template":"","meta":{"_acf_changed":false,"footnotes":""},"class_list":["post-460","page","type-page","status-publish","hentry"],"acf":[],"_links":{"self":[{"href":"https:\/\/allende637.mx\/index.php?rest_route=\/wp\/v2\/pages\/460","targetHints":{"allow":["GET"]}}],"collection":[{"href":"https:\/\/allende637.mx\/index.php?rest_route=\/wp\/v2\/pages"}],"about":[{"href":"https:\/\/allende637.mx\/index.php?rest_route=\/wp\/v2\/types\/page"}],"author":[{"embeddable":true,"href":"https:\/\/allende637.mx\/index.php?rest_route=\/wp\/v2\/users\/1"}],"replies":[{"embeddable":true,"href":"https:\/\/allende637.mx\/index.php?rest_route=%2Fwp%2Fv2%2Fcomments&post=460"}],"version-history":[{"count":1,"href":"https:\/\/allende637.mx\/index.php?rest_route=\/wp\/v2\/pages\/460\/revisions"}],"predecessor-version":[{"id":461,"href":"https:\/\/allende637.mx\/index.php?rest_route=\/wp\/v2\/pages\/460\/revisions\/461"}],"up":[{"embeddable":true,"href":"https:\/\/allende637.mx\/index.php?rest_route=\/wp\/v2\/pages\/369"}],"wp:attachment":[{"href":"https:\/\/allende637.mx\/index.php?rest_route=%2Fwp%2Fv2%2Fmedia&parent=460"}],"curies":[{"name":"wp","href":"https:\/\/api.w.org\/{rel}","templated":true}]}}